{"id":455,"date":"2025-08-10T02:12:52","date_gmt":"2025-08-09T23:12:52","guid":{"rendered":"https:\/\/itxport.com\/?page_id=455"},"modified":"2026-01-04T16:25:21","modified_gmt":"2026-01-04T13:25:21","slug":"kisisel-verilerin-korunmasi-kanunu","status":"publish","type":"page","link":"https:\/\/itxport.com\/hr\/kisisel-verilerin-korunmasi-kanunu\/","title":{"rendered":"Ki\u015fisel Verilerin Korunmas\u0131 Kanunu"},"content":{"rendered":"<div data-elementor-type=\"wp-page\" data-elementor-id=\"455\" class=\"elementor elementor-455\">\n\t\t\t\t<div class=\"elementor-element elementor-element-73032ef e-flex e-con-boxed elementor-invisible e-con e-parent\" data-id=\"73032ef\" data-element_type=\"container\" data-settings=\"{&quot;jet_parallax_layout_list&quot;:[],&quot;animation&quot;:&quot;fadeInUp&quot;}\">\n\t\t\t\t\t<div class=\"e-con-inner\">\n\t\t\t\t<div class=\"elementor-element elementor-element-a290b8c elementor-widget elementor-widget-heading\" data-id=\"a290b8c\" data-element_type=\"widget\" data-widget_type=\"heading.default\">\n\t\t\t\t\t<h2 class=\"elementor-heading-title elementor-size-default\">Politika za\u0161tite i obrade osobnih podataka\n<\/h2>\t\t\t\t<\/div>\n\t\t\t\t<div class=\"elementor-element elementor-element-1f82239 elementor-widget elementor-widget-text-editor\" data-id=\"1f82239\" data-element_type=\"widget\" data-widget_type=\"text-editor.default\">\n\t\t\t\t\t\t\t\t\t<p>Ova politika utvr\u0111uje na\u010dela za obradu, pohranu i za\u0161titu osobnih podataka korisnika na\u0161e web stranice (\u201eIspitiva\u010d\u201c), u okviru Zakona br. 6698 o za\u0161titi osobnih podataka (KVKK) i Op\u0107e uredbe o za\u0161titi podataka Europske unije (GDPR).<\/p><p><strong>1. Voditelj obrade podataka<\/strong><br \/>Mi, kao voditelj obrade podataka, odgovorni smo za osobne podatke prikupljene na ovoj web stranici u okviru relevantnih zakonskih propisa. Mo\u017eete nas kontaktirati putem kanala navedenih na stranici.<\/p><p><strong>2. Prikupljeni osobni podaci<\/strong><br \/>Sljede\u0107i podaci mogu se prikupljati od korisnika, izravno ili automatski:<\/p><p>Podaci o identitetu: Ime, prezime, korisni\u010dko ime, datum ro\u0111enja<\/p><p>Kontakt informacije: Broj telefona, adresa e-po\u0161te, po\u0161tanska adresa<\/p><p>Tehni\u010dke informacije: IP adresa, vrsta preglednika, operativni sustav, informacije o ure\u0111aju<\/p><p>Informacije o kori\u0161tenju: Navigacija web-mjestom, povijest transakcija, zapisnici klikova<\/p><p>Financijski podaci: Podaci o pla\u0107anju i naplati (ako se transakcija izvr\u0161i)<\/p><p>Podaci o kola\u010di\u0107ima: Informacije prikupljene putem kola\u010di\u0107a.<\/p><p><strong>3. Svrhe obrade osobnih podataka<\/strong><br \/>Prikupljeni podaci mogu se obra\u0111ivati u sljede\u0107e svrhe:<\/p><p>Pru\u017eanje, razvoj i personalizacija usluga<\/p><p>Upravljanje procesima \u010dlanstva i transakcija<\/p><p>Odgovaranje na zahtjeve i pritu\u017ebe<\/p><p>Ispunjavanje zakonskih obveza<\/p><p>Pobolj\u0161anje korisni\u010dkog iskustva<\/p><p>Marketin\u0161ke, kampanjske i informativne aktivnosti (uz izri\u010ditu suglasnost)<\/p><p><strong>4. Pravni temelji<\/strong><br \/>Va\u0161i osobni podaci;<\/p><p>Izri\u010dita suglasnost<\/p><p>Izvr\u0161enje ugovora<\/p><p>Ispunjenje zakonske obveze<\/p><p>Legitimni interes<br \/>Po\u010dinjen je na temelju zakonskih osnova.<\/p><p><strong>5. Razdoblje \u010duvanja podataka<\/strong><br \/>Osobni podaci pohranjuju se u razdobljima navedenima u relevantnim zakonima ili do prestanka svrhe obrade. Nakon tog razdoblja, podaci se sigurno bri\u0161u, uni\u0161tavaju ili anonimiziraju.<\/p><p><strong>6. Dijeljenje osobnih podataka<\/strong><br \/>Va\u0161e osobne podatke obra\u0111ivat \u0107e isklju\u010divo:<\/p><p>Pravni zahtjevi<\/p><p>Zahtjevi ovla\u0161tenih javnih institucija i organizacija<\/p><p>Na\u0161i partnerski pru\u017eatelji usluga (hosting, dostava, pla\u0107anje itd.)<br \/>Dijele se u tim situacijama.<\/p><p>Podaci se ne\u0107e prodavati niti dijeliti s tre\u0107im stranama u komercijalne svrhe.<\/p><p><strong>7. Prijenos podataka u inozemstvo<\/strong><br \/>Tamo gdje to zahtijeva usluga, va\u0161i se podaci mogu prenijeti u zemlje u kojima je osigurana odgovaraju\u0107a za\u0161tita u skladu sa zahtjevima KVKK-a i GDPR-a ili u inozemstvo uz va\u0161 izri\u010dit pristanak.<\/p><p><strong>8. Sigurnost podataka<\/strong><br \/>Za sigurnost va\u0161ih osobnih podataka;<\/p><p>Tehni\u010dke mjere za sprje\u010davanje neovla\u0161tenog pristupa (enkripcija, vatrozid, SSL itd.)<\/p><p>Autorizacija i kontrola pristupa<\/p><p>Obveze osobne tajne<br \/>se provodi.<\/p><p><strong>9. Prava ispitanika<\/strong><br \/>U skladu s \u010dlankom 11. turskog Zakona o za\u0161titi osobnih podataka (KVKK) i \u010dlancima 15.-22. GDPR-a, ispitanici imaju sljede\u0107a prava:<\/p><p>Zahtjev za pristup osobnim podacima<\/p><p>Zahtjev za ispravak podataka<\/p><p>Zahtjev za brisanje ili uni\u0161tavanje podataka.<\/p><p>Zahtjev za ograni\u010denje obrade<\/p><p>Zahtjev za prenosivost obra\u0111enih podataka.<\/p><p>Prigovor na postupak<\/p><p>Povla\u010denje izri\u010ditog pristanka<\/p><p>Za ostvarivanje ovih prava mo\u017eete nas kontaktirati putem kontaktnih podataka navedenih na na\u0161oj web stranici.<\/p><p><strong>10. Promjene pravila<\/strong><br \/>Ova se politika mo\u017ee povremeno a\u017eurirati. A\u017eurirana verzija stupit \u0107e na snagu objavom na na\u0161oj web stranici.<\/p>\t\t\t\t\t\t\t\t<\/div>\n\t\t\t\t\t<\/div>\n\t\t\t\t<\/div>\n\t\t\t\t<\/div>","protected":false},"excerpt":{"rendered":"<p>Ki\u015fisel Verilerin Korunmas\u0131 ve \u0130\u015flenmesi Politikas\u0131 Bu politika, 6698 say\u0131l\u0131 Ki\u015fisel Verilerin Korunmas\u0131 Kanunu (KVKK) ve Avrupa Birli\u011fi Genel Veri Koruma T\u00fcz\u00fc\u011f\u00fc (GDPR) kapsam\u0131nda, web sitemizi kullanan ki\u015filerin (\u201cVeri Sahibi\u201d) ki\u015fisel verilerinin i\u015flenmesi, saklanmas\u0131 ve korunmas\u0131na ili\u015fkin esaslar\u0131 belirler. 1. Veri Sorumlusu Bu web sitesinde toplanan ki\u015fisel verilerden, ilgili yasal mevzuat \u00e7er\u00e7evesinde veri sorumlusu s\u0131fat\u0131yla [&hellip;]<\/p>","protected":false},"author":1,"featured_media":651,"parent":0,"menu_order":0,"comment_status":"closed","ping_status":"closed","template":"elementor_header_footer","meta":{"_acf_changed":false,"footnotes":""},"class_list":["post-455","page","type-page","status-publish","has-post-thumbnail","hentry"],"acf":[],"yoast_head":"<!-- This site is optimized with the Yoast SEO plugin v25.6 - https:\/\/yoast.com\/wordpress\/plugins\/seo\/ -->\n<title>Ki\u015fisel Verilerin Korunmas\u0131 Kanunu - IT Export<\/title>\n<meta name=\"robots\" content=\"index, follow, max-snippet:-1, max-image-preview:large, max-video-preview:-1\" \/>\n<link rel=\"canonical\" href=\"https:\/\/itxport.com\/hr\/kisisel-verilerin-korunmasi-kanunu\/\" \/>\n<meta property=\"og:locale\" content=\"hr_HR\" \/>\n<meta property=\"og:type\" content=\"article\" \/>\n<meta property=\"og:title\" content=\"Ki\u015fisel Verilerin Korunmas\u0131 Kanunu - IT Export\" \/>\n<meta property=\"og:description\" content=\"Ki\u015fisel Verilerin Korunmas\u0131 ve \u0130\u015flenmesi Politikas\u0131 Bu politika, 6698 say\u0131l\u0131 Ki\u015fisel Verilerin Korunmas\u0131 Kanunu (KVKK) ve Avrupa Birli\u011fi Genel Veri Koruma T\u00fcz\u00fc\u011f\u00fc (GDPR) kapsam\u0131nda, web sitemizi kullanan ki\u015filerin (\u201cVeri Sahibi\u201d) ki\u015fisel verilerinin i\u015flenmesi, saklanmas\u0131 ve korunmas\u0131na ili\u015fkin esaslar\u0131 belirler. 1. Veri Sorumlusu Bu web sitesinde toplanan ki\u015fisel verilerden, ilgili yasal mevzuat \u00e7er\u00e7evesinde veri sorumlusu s\u0131fat\u0131yla [&hellip;]\" \/>\n<meta property=\"og:url\" content=\"https:\/\/itxport.com\/hr\/kisisel-verilerin-korunmasi-kanunu\/\" \/>\n<meta property=\"og:site_name\" content=\"IT Export\" \/>\n<meta property=\"article:modified_time\" content=\"2026-01-04T13:25:21+00:00\" \/>\n<meta property=\"og:image\" content=\"https:\/\/itxport.com\/wp-content\/uploads\/2026\/01\/itxport-favicon.png\" \/>\n\t<meta property=\"og:image:width\" content=\"1024\" \/>\n\t<meta property=\"og:image:height\" content=\"1024\" \/>\n\t<meta property=\"og:image:type\" content=\"image\/png\" \/>\n<meta name=\"twitter:card\" content=\"summary_large_image\" \/>\n<meta name=\"twitter:label1\" content=\"Procijenjeno vrijeme \u010ditanja\" \/>\n\t<meta name=\"twitter:data1\" content=\"3 minute\" \/>\n<script type=\"application\/ld+json\" class=\"yoast-schema-graph\">{\"@context\":\"https:\/\/schema.org\",\"@graph\":[{\"@type\":\"WebPage\",\"@id\":\"https:\/\/itxport.com\/kisisel-verilerin-korunmasi-kanunu\/\",\"url\":\"https:\/\/itxport.com\/kisisel-verilerin-korunmasi-kanunu\/\",\"name\":\"Ki\u015fisel Verilerin Korunmas\u0131 Kanunu - IT Export\",\"isPartOf\":{\"@id\":\"https:\/\/itxport.com\/#website\"},\"primaryImageOfPage\":{\"@id\":\"https:\/\/itxport.com\/kisisel-verilerin-korunmasi-kanunu\/#primaryimage\"},\"image\":{\"@id\":\"https:\/\/itxport.com\/kisisel-verilerin-korunmasi-kanunu\/#primaryimage\"},\"thumbnailUrl\":\"https:\/\/itxport.com\/wp-content\/uploads\/2026\/01\/itxport-favicon.png\",\"datePublished\":\"2025-08-09T23:12:52+00:00\",\"dateModified\":\"2026-01-04T13:25:21+00:00\",\"breadcrumb\":{\"@id\":\"https:\/\/itxport.com\/kisisel-verilerin-korunmasi-kanunu\/#breadcrumb\"},\"inLanguage\":\"hr\",\"potentialAction\":[{\"@type\":\"ReadAction\",\"target\":[\"https:\/\/itxport.com\/kisisel-verilerin-korunmasi-kanunu\/\"]}]},{\"@type\":\"ImageObject\",\"inLanguage\":\"hr\",\"@id\":\"https:\/\/itxport.com\/kisisel-verilerin-korunmasi-kanunu\/#primaryimage\",\"url\":\"https:\/\/itxport.com\/wp-content\/uploads\/2026\/01\/itxport-favicon.png\",\"contentUrl\":\"https:\/\/itxport.com\/wp-content\/uploads\/2026\/01\/itxport-favicon.png\",\"width\":1024,\"height\":1024},{\"@type\":\"BreadcrumbList\",\"@id\":\"https:\/\/itxport.com\/kisisel-verilerin-korunmasi-kanunu\/#breadcrumb\",\"itemListElement\":[{\"@type\":\"ListItem\",\"position\":1,\"name\":\"Anasayfa\",\"item\":\"https:\/\/itxport.com\/\"},{\"@type\":\"ListItem\",\"position\":2,\"name\":\"Ki\u015fisel Verilerin Korunmas\u0131 Kanunu\"}]},{\"@type\":\"WebSite\",\"@id\":\"https:\/\/itxport.com\/#website\",\"url\":\"https:\/\/itxport.com\/\",\"name\":\"IT Export\",\"description\":\"IT Export\",\"potentialAction\":[{\"@type\":\"SearchAction\",\"target\":{\"@type\":\"EntryPoint\",\"urlTemplate\":\"https:\/\/itxport.com\/?s={search_term_string}\"},\"query-input\":{\"@type\":\"PropertyValueSpecification\",\"valueRequired\":true,\"valueName\":\"search_term_string\"}}],\"inLanguage\":\"hr\"}]}<\/script>\n<!-- \/ Yoast SEO plugin. -->","yoast_head_json":{"title":"Ki\u015fisel Verilerin Korunmas\u0131 Kanunu - IT Export","robots":{"index":"index","follow":"follow","max-snippet":"max-snippet:-1","max-image-preview":"max-image-preview:large","max-video-preview":"max-video-preview:-1"},"canonical":"https:\/\/itxport.com\/hr\/kisisel-verilerin-korunmasi-kanunu\/","og_locale":"hr_HR","og_type":"article","og_title":"Ki\u015fisel Verilerin Korunmas\u0131 Kanunu - IT Export","og_description":"Ki\u015fisel Verilerin Korunmas\u0131 ve \u0130\u015flenmesi Politikas\u0131 Bu politika, 6698 say\u0131l\u0131 Ki\u015fisel Verilerin Korunmas\u0131 Kanunu (KVKK) ve Avrupa Birli\u011fi Genel Veri Koruma T\u00fcz\u00fc\u011f\u00fc (GDPR) kapsam\u0131nda, web sitemizi kullanan ki\u015filerin (\u201cVeri Sahibi\u201d) ki\u015fisel verilerinin i\u015flenmesi, saklanmas\u0131 ve korunmas\u0131na ili\u015fkin esaslar\u0131 belirler. 1. Veri Sorumlusu Bu web sitesinde toplanan ki\u015fisel verilerden, ilgili yasal mevzuat \u00e7er\u00e7evesinde veri sorumlusu s\u0131fat\u0131yla [&hellip;]","og_url":"https:\/\/itxport.com\/hr\/kisisel-verilerin-korunmasi-kanunu\/","og_site_name":"IT Export","article_modified_time":"2026-01-04T13:25:21+00:00","og_image":[{"width":1024,"height":1024,"url":"https:\/\/itxport.com\/wp-content\/uploads\/2026\/01\/itxport-favicon.png","type":"image\/png"}],"twitter_card":"summary_large_image","twitter_misc":{"Procijenjeno vrijeme \u010ditanja":"3 minute"},"schema":{"@context":"https:\/\/schema.org","@graph":[{"@type":"WebPage","@id":"https:\/\/itxport.com\/kisisel-verilerin-korunmasi-kanunu\/","url":"https:\/\/itxport.com\/kisisel-verilerin-korunmasi-kanunu\/","name":"Ki\u015fisel Verilerin Korunmas\u0131 Kanunu - IT Export","isPartOf":{"@id":"https:\/\/itxport.com\/#website"},"primaryImageOfPage":{"@id":"https:\/\/itxport.com\/kisisel-verilerin-korunmasi-kanunu\/#primaryimage"},"image":{"@id":"https:\/\/itxport.com\/kisisel-verilerin-korunmasi-kanunu\/#primaryimage"},"thumbnailUrl":"https:\/\/itxport.com\/wp-content\/uploads\/2026\/01\/itxport-favicon.png","datePublished":"2025-08-09T23:12:52+00:00","dateModified":"2026-01-04T13:25:21+00:00","breadcrumb":{"@id":"https:\/\/itxport.com\/kisisel-verilerin-korunmasi-kanunu\/#breadcrumb"},"inLanguage":"hr","potentialAction":[{"@type":"ReadAction","target":["https:\/\/itxport.com\/kisisel-verilerin-korunmasi-kanunu\/"]}]},{"@type":"ImageObject","inLanguage":"hr","@id":"https:\/\/itxport.com\/kisisel-verilerin-korunmasi-kanunu\/#primaryimage","url":"https:\/\/itxport.com\/wp-content\/uploads\/2026\/01\/itxport-favicon.png","contentUrl":"https:\/\/itxport.com\/wp-content\/uploads\/2026\/01\/itxport-favicon.png","width":1024,"height":1024},{"@type":"BreadcrumbList","@id":"https:\/\/itxport.com\/kisisel-verilerin-korunmasi-kanunu\/#breadcrumb","itemListElement":[{"@type":"ListItem","position":1,"name":"Anasayfa","item":"https:\/\/itxport.com\/"},{"@type":"ListItem","position":2,"name":"Ki\u015fisel Verilerin Korunmas\u0131 Kanunu"}]},{"@type":"WebSite","@id":"https:\/\/itxport.com\/#website","url":"https:\/\/itxport.com\/","name":"IT Export","description":"IT Export","potentialAction":[{"@type":"SearchAction","target":{"@type":"EntryPoint","urlTemplate":"https:\/\/itxport.com\/?s={search_term_string}"},"query-input":{"@type":"PropertyValueSpecification","valueRequired":true,"valueName":"search_term_string"}}],"inLanguage":"hr"}]}},"_links":{"self":[{"href":"https:\/\/itxport.com\/hr\/wp-json\/wp\/v2\/pages\/455","targetHints":{"allow":["GET"]}}],"collection":[{"href":"https:\/\/itxport.com\/hr\/wp-json\/wp\/v2\/pages"}],"about":[{"href":"https:\/\/itxport.com\/hr\/wp-json\/wp\/v2\/types\/page"}],"author":[{"embeddable":true,"href":"https:\/\/itxport.com\/hr\/wp-json\/wp\/v2\/users\/1"}],"replies":[{"embeddable":true,"href":"https:\/\/itxport.com\/hr\/wp-json\/wp\/v2\/comments?post=455"}],"version-history":[{"count":11,"href":"https:\/\/itxport.com\/hr\/wp-json\/wp\/v2\/pages\/455\/revisions"}],"predecessor-version":[{"id":661,"href":"https:\/\/itxport.com\/hr\/wp-json\/wp\/v2\/pages\/455\/revisions\/661"}],"wp:featuredmedia":[{"embeddable":true,"href":"https:\/\/itxport.com\/hr\/wp-json\/wp\/v2\/media\/651"}],"wp:attachment":[{"href":"https:\/\/itxport.com\/hr\/wp-json\/wp\/v2\/media?parent=455"}],"curies":[{"name":"wp","href":"https:\/\/api.w.org\/{rel}","templated":true}]}}